{"id":3699,"date":"2016-09-07T11:28:36","date_gmt":"2016-09-07T11:28:36","guid":{"rendered":"http:\/\/apicona-advanced-data.thememount.com\/?page_id=3699"},"modified":"2016-09-07T11:28:36","modified_gmt":"2016-09-07T11:28:36","slug":"blog-left-sidebar","status":"publish","type":"page","link":"https:\/\/drfelipealmeida.com.br\/index.php\/blog-left-sidebar\/","title":{"rendered":"Blog Left Sidebar"},"content":{"rendered":"<p>[vc_row][vc_column]<div class=\"row thememount-blog-boxes-wrapper thememount-blog-view-default thememount-effect-default thememount-items-col-three   \" id=\"thememount-blog-id-88678625\" ><div class=\"thememount-blog-text col-xs-12 col-sm-12 col-md-12 col-lg-12\"><\/div><div class=\"thememount-blog-boxes col-xs-12 col-sm-12 col-md-12 col-lg-12\"><div class=\"thememount-blog-boxes-inner row multi-columns-row thememount-items-wrapper \">\n\t\t<article class=\"tm-post-box tm-box col-lg-4 col-sm-6 col-md-4 col-xs-12 thememount-blogbox-format-standard blog\">\n\t\t\t<div class=\"post-item\">\n\t\t\t\t<div class=\"post-item-thumbnail\">\n\t\t\t\t\t<div class=\"post-item-thumbnail-inner\">\n\t\t\t\t\t\t<div class=\"thememount-blog-media entry-thumbnail\"><img loading=\"lazy\" decoding=\"async\" width=\"720\" height=\"390\" src=\"https:\/\/drfelipealmeida.com.br\/wp-content\/uploads\/2016\/06\/fibromialgia-720x390.jpg\" class=\"attachment-blog-three-column size-blog-three-column wp-post-image\" alt=\"\" srcset=\"https:\/\/drfelipealmeida.com.br\/wp-content\/uploads\/2016\/06\/fibromialgia-720x390.jpg 720w, https:\/\/drfelipealmeida.com.br\/wp-content\/uploads\/2016\/06\/fibromialgia-780x423.jpg 780w\" sizes=\"(max-width: 720px) 100vw, 720px\" \/><a href=\"https:\/\/drfelipealmeida.com.br\/index.php\/2022\/05\/19\/fibromialgia\/\"><span class=\"overthumb\"><i class=\"tm-social-icon-plus\"><\/i><\/span><\/a><\/div>\n\t\t\t\t\t\t<a href=\"https:\/\/drfelipealmeida.com.br\/index.php\/2022\/05\/19\/fibromialgia\/\"><span class=\"overthumb\"><i class=\"tm-social-icon-plus\"><\/i><\/span><\/a>\n\t\t\t\t\t<\/div>\n\t\t\t\t\t\n\t\t\t\t<\/div>\n\t\t\t\t<div class=\"tm-item-content\">\n\t\t\t\t\t<h4><a href=\"https:\/\/drfelipealmeida.com.br\/index.php\/2022\/05\/19\/fibromialgia\/\">Fibromialgia: O que \u00e9 preciso saber sobre essa doen\u00e7a?<\/a><\/h4>\t\t\t\n\t\t\t\t\t<div class=\"tm-blogbox-footer-meta\">\n\t\t\t\t\t\t<div class=\"tm-blogbox-date\"><i class=\"demo-icon tm-social-icon-calendar\"><\/i> 19 de May de 2022<\/div>\n\t\t\t\t\t\t<div class=\"tm-blogbox-comment\"><i class=\"demo-icon tm-social-icon-comment-1\"><\/i> <\/div>\n\t\t\t\t\t<\/div>\t\n\t\t\t\t\t<div class=\"thememount-blogbox-desc\">\n\t\t\t\t\t\t\u00c9 uma doen\u00e7a que pertence a um grupo de desordens que afetam os tecidos conjuntivos, que incluem m\u00fasculos, ligamentos e tend\u00f5es.<div class=\"thememount-post-readmore\"><a href=\"https:\/\/drfelipealmeida.com.br\/index.php\/2022\/05\/19\/fibromialgia\/\" class=\"more-link tm-post-read-more-link\">Read More<i class=\"tm-social-icon-angle-double-right\"><\/i><\/a><\/div>\n\t\t\t\t\t<\/div>\n\t\t\t\t<\/div>\n\t\t\t<\/div>\n\t\t<\/article>\n\t\n\t\t<article class=\"tm-post-box tm-box col-lg-4 col-sm-6 col-md-4 col-xs-12 thememount-blogbox-format-standard blog\">\n\t\t\t<div class=\"post-item\">\n\t\t\t\t<div class=\"post-item-thumbnail\">\n\t\t\t\t\t<div class=\"post-item-thumbnail-inner\">\n\t\t\t\t\t\t<div class=\"thememount-blog-media entry-thumbnail\"><img loading=\"lazy\" decoding=\"async\" width=\"720\" height=\"390\" src=\"https:\/\/drfelipealmeida.com.br\/wp-content\/uploads\/2016\/06\/entenda-as-causas-da-dor-lombar-720x390.jpeg\" class=\"attachment-blog-three-column size-blog-three-column wp-post-image\" alt=\"\" srcset=\"https:\/\/drfelipealmeida.com.br\/wp-content\/uploads\/2016\/06\/entenda-as-causas-da-dor-lombar-720x390.jpeg 720w, https:\/\/drfelipealmeida.com.br\/wp-content\/uploads\/2016\/06\/entenda-as-causas-da-dor-lombar-780x423.jpeg 780w\" sizes=\"(max-width: 720px) 100vw, 720px\" \/><a href=\"https:\/\/drfelipealmeida.com.br\/index.php\/2022\/05\/09\/dor-lombar\/\"><span class=\"overthumb\"><i class=\"tm-social-icon-plus\"><\/i><\/span><\/a><\/div>\n\t\t\t\t\t\t<a href=\"https:\/\/drfelipealmeida.com.br\/index.php\/2022\/05\/09\/dor-lombar\/\"><span class=\"overthumb\"><i class=\"tm-social-icon-plus\"><\/i><\/span><\/a>\n\t\t\t\t\t<\/div>\n\t\t\t\t\t\n\t\t\t\t<\/div>\n\t\t\t\t<div class=\"tm-item-content\">\n\t\t\t\t\t<h4><a href=\"https:\/\/drfelipealmeida.com.br\/index.php\/2022\/05\/09\/dor-lombar\/\">Entenda quais s\u00e3o as causas das dores na coluna lombar<\/a><\/h4>\t\t\t\n\t\t\t\t\t<div class=\"tm-blogbox-footer-meta\">\n\t\t\t\t\t\t<div class=\"tm-blogbox-date\"><i class=\"demo-icon tm-social-icon-calendar\"><\/i> 9 de May de 2022<\/div>\n\t\t\t\t\t\t<div class=\"tm-blogbox-comment\"><i class=\"demo-icon tm-social-icon-comment-1\"><\/i> <\/div>\n\t\t\t\t\t<\/div>\t\n\t\t\t\t\t<div class=\"thememount-blogbox-desc\">\n\t\t\t\t\t\tProblemas mec\u00e2nicos e les\u00f5es nos tecidos moles s\u00e3o as causas mais comuns da dor lombar. Essas les\u00f5es podem incluir danos aos discos intervertebrais<div class=\"thememount-post-readmore\"><a href=\"https:\/\/drfelipealmeida.com.br\/index.php\/2022\/05\/09\/dor-lombar\/\" class=\"more-link tm-post-read-more-link\">Read More<i class=\"tm-social-icon-angle-double-right\"><\/i><\/a><\/div>\n\t\t\t\t\t<\/div>\n\t\t\t\t<\/div>\n\t\t\t<\/div>\n\t\t<\/article>\n\t\n\t\t<article class=\"tm-post-box tm-box col-lg-4 col-sm-6 col-md-4 col-xs-12 thememount-blogbox-format-standard blog\">\n\t\t\t<div class=\"post-item\">\n\t\t\t\t<div class=\"post-item-thumbnail\">\n\t\t\t\t\t<div class=\"post-item-thumbnail-inner\">\n\t\t\t\t\t\t<div class=\"thememount-blog-media entry-thumbnail\"><img loading=\"lazy\" decoding=\"async\" width=\"720\" height=\"390\" src=\"https:\/\/drfelipealmeida.com.br\/wp-content\/uploads\/2022\/04\/cabeca-720x390.jpg\" class=\"attachment-blog-three-column size-blog-three-column wp-post-image\" alt=\"\" srcset=\"https:\/\/drfelipealmeida.com.br\/wp-content\/uploads\/2022\/04\/cabeca-720x390.jpg 720w, https:\/\/drfelipealmeida.com.br\/wp-content\/uploads\/2022\/04\/cabeca-780x423.jpg 780w\" sizes=\"(max-width: 720px) 100vw, 720px\" \/><a href=\"https:\/\/drfelipealmeida.com.br\/index.php\/2022\/04\/18\/dordecabeca\/\"><span class=\"overthumb\"><i class=\"tm-social-icon-plus\"><\/i><\/span><\/a><\/div>\n\t\t\t\t\t\t<a href=\"https:\/\/drfelipealmeida.com.br\/index.php\/2022\/04\/18\/dordecabeca\/\"><span class=\"overthumb\"><i class=\"tm-social-icon-plus\"><\/i><\/span><\/a>\n\t\t\t\t\t<\/div>\n\t\t\t\t\t\n\t\t\t\t<\/div>\n\t\t\t\t<div class=\"tm-item-content\">\n\t\t\t\t\t<h4><a href=\"https:\/\/drfelipealmeida.com.br\/index.php\/2022\/04\/18\/dordecabeca\/\">Dor de cabe\u00e7a: uma companheira indesejada<\/a><\/h4>\t\t\t\n\t\t\t\t\t<div class=\"tm-blogbox-footer-meta\">\n\t\t\t\t\t\t<div class=\"tm-blogbox-date\"><i class=\"demo-icon tm-social-icon-calendar\"><\/i> 18 de April de 2022<\/div>\n\t\t\t\t\t\t<div class=\"tm-blogbox-comment\"><i class=\"demo-icon tm-social-icon-comment-1\"><\/i> <\/div>\n\t\t\t\t\t<\/div>\t\n\t\t\t\t\t<div class=\"thememount-blogbox-desc\">\n\t\t\t\t\t\tQuem nunca teve dor de cabe\u00e7a?\u00a0\u00c9 provavelmente uma das doen\u00e7as que mais frequentemente escutamos ao nosso redor.<div class=\"thememount-post-readmore\"><a href=\"https:\/\/drfelipealmeida.com.br\/index.php\/2022\/04\/18\/dordecabeca\/\" class=\"more-link tm-post-read-more-link\">Read More<i class=\"tm-social-icon-angle-double-right\"><\/i><\/a><\/div>\n\t\t\t\t\t<\/div>\n\t\t\t\t<\/div>\n\t\t\t<\/div>\n\t\t<\/article>\n\t\n\t\t<article class=\"tm-post-box tm-box col-lg-4 col-sm-6 col-md-4 col-xs-12 thememount-blogbox-format-standard blog\">\n\t\t\t<div class=\"post-item\">\n\t\t\t\t<div class=\"post-item-thumbnail\">\n\t\t\t\t\t<div class=\"post-item-thumbnail-inner\">\n\t\t\t\t\t\t<div class=\"thememount-blog-media entry-thumbnail\"><img loading=\"lazy\" decoding=\"async\" width=\"720\" height=\"390\" src=\"https:\/\/drfelipealmeida.com.br\/wp-content\/uploads\/2016\/06\/Sindrome-do-membro-fantasma2-720x390.jpg\" class=\"attachment-blog-three-column size-blog-three-column wp-post-image\" alt=\"\" srcset=\"https:\/\/drfelipealmeida.com.br\/wp-content\/uploads\/2016\/06\/Sindrome-do-membro-fantasma2-720x390.jpg 720w, https:\/\/drfelipealmeida.com.br\/wp-content\/uploads\/2016\/06\/Sindrome-do-membro-fantasma2-1110x601.jpg 1110w, https:\/\/drfelipealmeida.com.br\/wp-content\/uploads\/2016\/06\/Sindrome-do-membro-fantasma2-780x423.jpg 780w\" sizes=\"(max-width: 720px) 100vw, 720px\" \/><a href=\"https:\/\/drfelipealmeida.com.br\/index.php\/2022\/03\/11\/membrofantasma\/\"><span class=\"overthumb\"><i class=\"tm-social-icon-plus\"><\/i><\/span><\/a><\/div>\n\t\t\t\t\t\t<a href=\"https:\/\/drfelipealmeida.com.br\/index.php\/2022\/03\/11\/membrofantasma\/\"><span class=\"overthumb\"><i class=\"tm-social-icon-plus\"><\/i><\/span><\/a>\n\t\t\t\t\t<\/div>\n\t\t\t\t\t\n\t\t\t\t<\/div>\n\t\t\t\t<div class=\"tm-item-content\">\n\t\t\t\t\t<h4><a href=\"https:\/\/drfelipealmeida.com.br\/index.php\/2022\/03\/11\/membrofantasma\/\">Voc\u00ea sabe o que \u00e9 a do membro fantasma?<\/a><\/h4>\t\t\t\n\t\t\t\t\t<div class=\"tm-blogbox-footer-meta\">\n\t\t\t\t\t\t<div class=\"tm-blogbox-date\"><i class=\"demo-icon tm-social-icon-calendar\"><\/i> 11 de March de 2022<\/div>\n\t\t\t\t\t\t<div class=\"tm-blogbox-comment\"><i class=\"demo-icon tm-social-icon-comment-1\"><\/i> <\/div>\n\t\t\t\t\t<\/div>\t\n\t\t\t\t\t<div class=\"thememount-blogbox-desc\">\n\t\t\t\t\t\tA dor do membro fantasma (ou simplesmente dor fantasma) ocorre quando a pessoa sente dor em um membro ou parte dele ap\u00f3s amputa\u00e7\u00e3o.<div class=\"thememount-post-readmore\"><a href=\"https:\/\/drfelipealmeida.com.br\/index.php\/2022\/03\/11\/membrofantasma\/\" class=\"more-link tm-post-read-more-link\">Read More<i class=\"tm-social-icon-angle-double-right\"><\/i><\/a><\/div>\n\t\t\t\t\t<\/div>\n\t\t\t\t<\/div>\n\t\t\t<\/div>\n\t\t<\/article>\n\t<\/div><\/div><\/div>[\/vc_column][\/vc_row]<\/p>\n","protected":false},"excerpt":{"rendered":"<p>[vc_row][vc_column][\/vc_column][\/vc_row]<\/p>\n","protected":false},"author":1,"featured_media":0,"parent":0,"menu_order":42,"comment_status":"closed","ping_status":"closed","template":"","meta":{"footnotes":""},"class_list":["post-3699","page","type-page","status-publish","hentry"],"_links":{"self":[{"href":"https:\/\/drfelipealmeida.com.br\/index.php\/wp-json\/wp\/v2\/pages\/3699"}],"collection":[{"href":"https:\/\/drfelipealmeida.com.br\/index.php\/wp-json\/wp\/v2\/pages"}],"about":[{"href":"https:\/\/drfelipealmeida.com.br\/index.php\/wp-json\/wp\/v2\/types\/page"}],"author":[{"embeddable":true,"href":"https:\/\/drfelipealmeida.com.br\/index.php\/wp-json\/wp\/v2\/users\/1"}],"replies":[{"embeddable":true,"href":"https:\/\/drfelipealmeida.com.br\/index.php\/wp-json\/wp\/v2\/comments?post=3699"}],"version-history":[{"count":0,"href":"https:\/\/drfelipealmeida.com.br\/index.php\/wp-json\/wp\/v2\/pages\/3699\/revisions"}],"wp:attachment":[{"href":"https:\/\/drfelipealmeida.com.br\/index.php\/wp-json\/wp\/v2\/media?parent=3699"}],"curies":[{"name":"wp","href":"https:\/\/api.w.org\/{rel}","templated":true}]}}